{"id":1004,"date":"2024-04-30T19:07:21","date_gmt":"2024-04-30T18:07:21","guid":{"rendered":"https:\/\/apelyon.esb.sk\/?page_id=1004"},"modified":"2024-05-09T20:23:56","modified_gmt":"2024-05-09T19:23:56","slug":"faq","status":"publish","type":"page","link":"https:\/\/apelyon.esb.sk\/index.php\/faq\/","title":{"rendered":"FAQ"},"content":{"rendered":"\n<div class=\"wp-block-cover alignfull hero\"><span aria-hidden=\"true\" class=\"wp-block-cover__background has-nv-dark-bg-background-color has-background-dim-0 has-background-dim\"><\/span><img loading=\"lazy\" decoding=\"async\" width=\"1920\" height=\"650\" class=\"wp-block-cover__image-background wp-image-1005\" alt=\"Obr\u00e1zok naj\u010dastej\u0161ie m\u00fadre ot\u00e1zky\" src=\"https:\/\/apelyon.esb.sk\/wp-content\/uploads\/2024\/04\/najcastejsie-mudre-otazky.png\" style=\"object-position:50% 0%\" data-object-fit=\"cover\" data-object-position=\"50% 0%\" srcset=\"https:\/\/apelyon.esb.sk\/wp-content\/uploads\/2024\/04\/najcastejsie-mudre-otazky.png 1920w, https:\/\/apelyon.esb.sk\/wp-content\/uploads\/2024\/04\/najcastejsie-mudre-otazky-300x102.png 300w, https:\/\/apelyon.esb.sk\/wp-content\/uploads\/2024\/04\/najcastejsie-mudre-otazky-1024x347.png 1024w, https:\/\/apelyon.esb.sk\/wp-content\/uploads\/2024\/04\/najcastejsie-mudre-otazky-768x260.png 768w, https:\/\/apelyon.esb.sk\/wp-content\/uploads\/2024\/04\/najcastejsie-mudre-otazky-1536x520.png 1536w\" sizes=\"auto, (max-width: 1920px) 100vw, 1920px\" \/><div class=\"wp-block-cover__inner-container is-layout-constrained wp-block-cover-is-layout-constrained\">\n<div class=\"wp-block-group alignwide\"><div class=\"wp-block-group__inner-container is-layout-constrained wp-block-group-is-layout-constrained\">\n<div class=\"wp-block-columns mb-0 is-layout-flex wp-container-core-columns-is-layout-9d6595d7 wp-block-columns-is-layout-flex\">\n<div class=\"wp-block-column is-layout-flow wp-block-column-is-layout-flow\" style=\"flex-basis:60%\">\n<h2 class=\"wp-block-heading has-text-align-left\">Naj\u010dastej\u0161ie m\u00fadre ot\u00e1zky k na\u0161ej spolupr\u00e1ci<\/h2>\n<\/div>\n<\/div>\n<\/div><\/div>\n<\/div><\/div>\n\n\n\n<div class=\"wp-block-group section questions is-vertical is-content-justification-center is-layout-flex wp-container-core-group-is-layout-4b2eccd6 wp-block-group-is-layout-flex\">\n<div class=\"wp-block-group question question--1\"><div class=\"wp-block-group__inner-container is-layout-constrained wp-block-group-is-layout-constrained\">\n<div class=\"wp-block-group question-header is-nowrap is-layout-flex wp-container-core-group-is-layout-ad2f72ca wp-block-group-is-layout-flex\">\n<figure class=\"wp-block-image size-full\"><img loading=\"lazy\" decoding=\"async\" width=\"82\" height=\"82\" src=\"https:\/\/apelyon.esb.sk\/wp-content\/uploads\/2024\/04\/cislo-1.png\" alt=\"\u010c\u00edslo 1\" class=\"wp-image-1009\"\/><\/figure>\n\n\n\n<h3 class=\"wp-block-heading\" id=\"faq-1\">Ako prebieha<br>spolupr\u00e1ca?<\/h3>\n<\/div>\n\n\n\n<p>Spolupr\u00e1ca v\u017edy za\u010d\u00edna dial\u00f3gom, aby sme dobre pochopili, \u010do potrebujete. Va\u0161e preferencie s\u00fa toti\u017e r\u00f4zne, niekedy je posta\u010duj\u00face k m\u00fadremu rie\u0161eniu navies\u0165 a in\u0161pirova\u0165, niekedy je potrebn\u00e9 na\u0161e zotrvanie v spolupr\u00e1ci dlh\u0161ie.<\/p>\n\n\n\n<p>M\u00f4\u017eeme za\u010da\u0165 aj formou \u010diastkov\u00e9ho zadania, pri ktorom si over\u00edte, ako na\u0161a spolupr\u00e1ca funguje a kde je jej potenci\u00e1l.<\/p>\n\n\n\n<p>\u010casto sa v\u0161ak rovno pust\u00edme do pr\u00e1ce na projekte, ktor\u00e9ho zadanie si spolu s vami definujeme vopred&nbsp;v konkr\u00e9tne dohodnutom rozsahu a za konkr\u00e9tnych podmienok.<\/p>\n<\/div><\/div>\n\n\n\n<div class=\"wp-block-group question question--2\"><div class=\"wp-block-group__inner-container is-layout-constrained wp-block-group-is-layout-constrained\">\n<div class=\"wp-block-group question-header is-nowrap is-layout-flex wp-container-core-group-is-layout-ad2f72ca wp-block-group-is-layout-flex\">\n<figure class=\"wp-block-image size-full\"><img loading=\"lazy\" decoding=\"async\" width=\"82\" height=\"82\" src=\"https:\/\/apelyon.esb.sk\/wp-content\/uploads\/2024\/04\/cislo-2.png\" alt=\"\u010c\u00edslo 2\" class=\"wp-image-1010\"\/><\/figure>\n\n\n\n<h3 class=\"wp-block-heading\" id=\"faq-2\">Ko\u013eko zvy\u010dajne<br>spolupr\u00e1ca trv\u00e1?<\/h3>\n<\/div>\n\n\n\n<p>Trvanie projektu sa odv\u00edja od va\u0161ich o\u010dak\u00e1van\u00ed a potrieb a od potrebn\u00e9ho rozsahu pr\u00e1c.<br>Pri pl\u00e1novan\u00ed spolupr\u00e1ce zohlad\u0148ujeme \u010dasov\u00fa n\u00e1ro\u010dnos\u0165 pr\u00edpravy, ako aj implement\u00e1ciu projektu tak, aby boli zachovan\u00e9 d\u00f4le\u017eit\u00e9 term\u00edny na strane klienta a v\u010dasn\u00e1 a \u00fa\u010dinn\u00e1 realiz\u00e1cia projektu.<\/p>\n<\/div><\/div>\n\n\n\n<div class=\"wp-block-group question question--3\"><div class=\"wp-block-group__inner-container is-layout-constrained wp-block-group-is-layout-constrained\">\n<div class=\"wp-block-group question-header is-nowrap is-layout-flex wp-container-core-group-is-layout-ad2f72ca wp-block-group-is-layout-flex\">\n<figure class=\"wp-block-image size-full\"><img loading=\"lazy\" decoding=\"async\" width=\"82\" height=\"82\" src=\"https:\/\/apelyon.esb.sk\/wp-content\/uploads\/2024\/04\/cislo-3.png\" alt=\"\u010c\u00edslo 3\" class=\"wp-image-1011\"\/><\/figure>\n\n\n\n<h3 class=\"wp-block-heading\" id=\"faq-3\">Mus\u00edm si rie\u0161enie implementova\u0165 s\u00e1m?<\/h3>\n<\/div>\n\n\n\n<p>Implement\u00e1cia nov\u00fdch projektov patr\u00ed do na\u0161ej \u0161tandardnej ponuky. Vieme ju pre v\u00e1s zabezpe\u010di\u0165 interne, workshopom alebo za\u0161kolen\u00edm va\u0161ich intern\u00fdch kolegov, alebo sa na potrebn\u00fd \u010das staneme s\u00fa\u010das\u0165ou v\u00e1\u0161ho t\u00edmu, pokia\u013e sa potrebn\u00e9 zmeny nezrealizuj\u00fa.<\/p>\n<\/div><\/div>\n\n\n\n<div class=\"wp-block-group question question--4\"><div class=\"wp-block-group__inner-container is-layout-constrained wp-block-group-is-layout-constrained\">\n<div class=\"wp-block-group question-header is-nowrap is-layout-flex wp-container-core-group-is-layout-ad2f72ca wp-block-group-is-layout-flex\">\n<figure class=\"wp-block-image size-full\"><img loading=\"lazy\" decoding=\"async\" width=\"82\" height=\"82\" src=\"https:\/\/apelyon.esb.sk\/wp-content\/uploads\/2024\/04\/cislo-4.png\" alt=\"\u010c\u00edslo 4\" class=\"wp-image-1012\"\/><\/figure>\n\n\n\n<h3 class=\"wp-block-heading\" id=\"faq-4\">Ak\u00e1 s\u00fa\u010dinnos\u0165 je<br>o\u010dak\u00e1van\u00e1 odo m\u0148a?<\/h3>\n<\/div>\n\n\n\n<p>V\u00e4\u010d\u0161ina pr\u00e1ce je na na\u0161ej strane. Klient vstupuje do projektu pribli\u017ene desatinou celkov\u00e9ho \u010dasu, kedy pre n\u00e1s od neho z\u00edskavame cenn\u00e9 vstupy, relevantn\u00e9 pre na\u0161u \u010fal\u0161iu \u010dinnos\u0165. Spolupr\u00e1cu si v\u0161ak dohodneme individu\u00e1lne, pod\u013ea toho, ak\u00fa mieru particip\u00e1cie preferujete. Zd\u00f4raz\u0148ujeme v\u0161ak, \u017ee \u010d\u00edm intenz\u00edvnej\u0161\u00ed je v\u00e1\u0161 vklad, t\u00fdm bude relevantnej\u0161\u00ed v\u00fdsledok a akcept\u00e1cia projektu vo va\u0161om t\u00edme.<\/p>\n\n\n\n<p>Pokia\u013e rozbiehate \u00faplne nov\u00fa oblas\u0165, ktor\u00fa je potrebn\u00e9 nastavi\u0165 od \u00fapln\u00e9ho za\u010diatku odpor\u00fa\u010dame vyu\u017ei\u0165 na\u0161e sk\u00fasenos\u0165 aj s tak\u00fdmito pr\u00edpadmi. V\u00e1\u0161 vstup v takom pr\u00edpade je na \u00farovni pripomienkovania a d\u00e1vania sp\u00e4tnej v\u00e4zby, ktor\u00fa n\u00e1sledne zoh\u013eadn\u00edme v rozsahu, ktor\u00fd je prospe\u0161n\u00fd.<\/p>\n<\/div><\/div>\n\n\n\n<div class=\"wp-block-group question question--5\"><div class=\"wp-block-group__inner-container is-layout-constrained wp-block-group-is-layout-constrained\">\n<div class=\"wp-block-group question-header is-nowrap is-layout-flex wp-container-core-group-is-layout-ad2f72ca wp-block-group-is-layout-flex\">\n<figure class=\"wp-block-image size-full\"><img loading=\"lazy\" decoding=\"async\" width=\"82\" height=\"82\" src=\"https:\/\/apelyon.esb.sk\/wp-content\/uploads\/2024\/04\/cislo-5.png\" alt=\"\u010c\u00edslo 5\" class=\"wp-image-1013\"\/><\/figure>\n\n\n\n<h3 class=\"wp-block-heading\" id=\"faq-5\">\u010co ak nem\u00e1m interne<br>vecn\u00fdch expertov?&nbsp;<\/h3>\n<\/div>\n\n\n\n<p>V tak\u00fdchto pr\u00edpadoch vieme po dohode s&nbsp;mana\u017ementom doplni\u0165 do n\u00e1\u0161ho t\u00edmu vecn\u00e9ho experta externe, ktor\u00fd sa na potrebn\u00fd \u010das stane s\u00fa\u010das\u0165ou v\u00e1\u0161ho t\u00edmu. Jeho p\u00f4sobenie v t\u00edme je bu\u010f priznan\u00e9, alebo ak je preferovan\u00e1 in\u00e1 vo\u013eba, vie tak\u00fdto expert urobi\u0165 valid\u00e1ciu vstupov na pozad\u00ed.<\/p>\n<\/div><\/div>\n\n\n\n<div class=\"wp-block-group question question--6\"><div class=\"wp-block-group__inner-container is-layout-constrained wp-block-group-is-layout-constrained\">\n<div class=\"wp-block-group question-header is-nowrap is-layout-flex wp-container-core-group-is-layout-ad2f72ca wp-block-group-is-layout-flex\">\n<figure class=\"wp-block-image size-full\"><img loading=\"lazy\" decoding=\"async\" width=\"82\" height=\"82\" src=\"https:\/\/apelyon.esb.sk\/wp-content\/uploads\/2024\/04\/cislo-6.png\" alt=\"\u010c\u00edslo 6\" class=\"wp-image-1014\"\/><\/figure>\n\n\n\n<h3 class=\"wp-block-heading\" id=\"faq-6\">Ako si m\u00e1m stanovi\u0165<br>ciele projektu?<\/h3>\n<\/div>\n\n\n\n<p>Ciele m\u00f4\u017eu by\u0165 individu\u00e1lne ale v\u017edy klientom odpor\u00fa\u010dame, aby pomenovali \u010do ich tr\u00e1pi na s\u00fa\u010dasnom stave, a&nbsp;\u010do by pova\u017eovali za ide\u00e1lny stav. Na za\u010diatku nie je potrebn\u00e9 up\u00edna\u0165 sa na merate\u013en\u00e9 ciele, aj ke\u010f s\u00fa v\u017edy v\u00edtan\u00e9. Pokia\u013e s\u00fa o\u010dak\u00e1vania sk\u00f4r funk\u010dn\u00e9ho charakteru, my sme v r\u00e1mci spolupr\u00e1ce a s vyu\u017eit\u00edm na\u0161ich m\u00fadrych n\u00e1srojov schopn\u00ed doplni\u0165 potrebn\u00fa d\u00e1tov\u00fa analytiku a ciele \u0161pecifikova\u0165.<\/p>\n<\/div><\/div>\n\n\n\n<div class=\"wp-block-group question question--7\"><div class=\"wp-block-group__inner-container is-layout-constrained wp-block-group-is-layout-constrained\">\n<div class=\"wp-block-group question-header is-nowrap is-layout-flex wp-container-core-group-is-layout-ad2f72ca wp-block-group-is-layout-flex\">\n<figure class=\"wp-block-image size-full\"><img loading=\"lazy\" decoding=\"async\" width=\"82\" height=\"82\" src=\"https:\/\/apelyon.esb.sk\/wp-content\/uploads\/2024\/04\/cislo-7.png\" alt=\"\u010c\u00edslo 7\" class=\"wp-image-1015\"\/><\/figure>\n\n\n\n<h3 class=\"wp-block-heading\" id=\"faq-7\">V \u010dom spo\u010d\u00edvaj\u00fa v\u00fdhody expertnej spolupr\u00e1ce?<\/h3>\n<\/div>\n\n\n\n<p>Va\u0161i kolegovia s\u00fa \u0161pi\u010dkov\u00ed odborn\u00edci na svoju pr\u00e1cu. My do spolupr\u00e1ce prin\u00e1\u0161ame n\u00e1\u0161 vlastn\u00fd syst\u00e9m a pr\u00edstup a k tomu d\u00f4le\u017eit\u00fd&nbsp;nestrann\u00fd poh\u013ead. &nbsp;Z&nbsp;poz\u00edcie tretej strany s vami vedieme intern\u00fd dial\u00f3g, ktor\u00fd prin\u00e1\u0161a ve\u013ea a\u0161pirat\u00edvnych a cenn\u00fdch sk\u00fasenost\u00ed pre cel\u00fd v\u00e1\u0161 t\u00edm.<\/p>\n<\/div><\/div>\n\n\n\n<div class=\"wp-block-group question question--8\"><div class=\"wp-block-group__inner-container is-layout-constrained wp-block-group-is-layout-constrained\">\n<div class=\"wp-block-group question-header is-nowrap is-layout-flex wp-container-core-group-is-layout-ad2f72ca wp-block-group-is-layout-flex\">\n<figure class=\"wp-block-image size-full\"><img loading=\"lazy\" decoding=\"async\" width=\"82\" height=\"82\" src=\"https:\/\/apelyon.esb.sk\/wp-content\/uploads\/2024\/04\/cislo-8.png\" alt=\"\u010c\u00edslo 8\" class=\"wp-image-1016\"\/><\/figure>\n\n\n\n<h3 class=\"wp-block-heading\" id=\"faq-8\">\u010co ak potrebujem<br>spolupr\u00e1cu v cudzom jazyku?<\/h3>\n<\/div>\n\n\n\n<p>Na\u0161i experti spolupracuj\u00fa prim\u00e1rne v sloven\u010dine, ale sme chopn\u00ed fungova\u0165 aj po anglicky.<\/p>\n<\/div><\/div>\n<\/div>\n","protected":false},"excerpt":{"rendered":"<p>Ako prebiehaspolupr\u00e1ca? Spolupr\u00e1ca v\u017edy za\u010d\u00edna dial\u00f3gom, aby sme dobre pochopili, \u010do potrebujete. Va\u0161e preferencie s\u00fa toti\u017e r\u00f4zne, niekedy je posta\u010duj\u00face k m\u00fadremu rie\u0161eniu navies\u0165 a in\u0161pirova\u0165, niekedy je potrebn\u00e9 na\u0161e zotrvanie v spolupr\u00e1ci dlh\u0161ie. M\u00f4\u017eeme za\u010da\u0165 aj formou \u010diastkov\u00e9ho zadania, pri ktorom si over\u00edte, ako na\u0161a spolupr\u00e1ca funguje a kde je jej potenci\u00e1l. \u010casto sa&hellip;&nbsp;<a href=\"https:\/\/apelyon.esb.sk\/index.php\/faq\/\" rel=\"bookmark\">Read More &raquo;<span class=\"screen-reader-text\">FAQ<\/span><\/a><\/p>\n","protected":false},"author":1,"featured_media":0,"parent":0,"menu_order":0,"comment_status":"closed","ping_status":"closed","template":"","meta":{"neve_meta_sidebar":"","neve_meta_container":"","neve_meta_enable_content_width":"","neve_meta_content_width":0,"neve_meta_title_alignment":"","neve_meta_author_avatar":"","neve_post_elements_order":"","neve_meta_disable_header":"","neve_meta_disable_footer":"","neve_meta_disable_title":"on","_themeisle_gutenberg_block_has_review":false,"footnotes":""},"class_list":["post-1004","page","type-page","status-publish","hentry"],"_links":{"self":[{"href":"https:\/\/apelyon.esb.sk\/index.php\/wp-json\/wp\/v2\/pages\/1004","targetHints":{"allow":["GET"]}}],"collection":[{"href":"https:\/\/apelyon.esb.sk\/index.php\/wp-json\/wp\/v2\/pages"}],"about":[{"href":"https:\/\/apelyon.esb.sk\/index.php\/wp-json\/wp\/v2\/types\/page"}],"author":[{"embeddable":true,"href":"https:\/\/apelyon.esb.sk\/index.php\/wp-json\/wp\/v2\/users\/1"}],"replies":[{"embeddable":true,"href":"https:\/\/apelyon.esb.sk\/index.php\/wp-json\/wp\/v2\/comments?post=1004"}],"version-history":[{"count":13,"href":"https:\/\/apelyon.esb.sk\/index.php\/wp-json\/wp\/v2\/pages\/1004\/revisions"}],"predecessor-version":[{"id":1556,"href":"https:\/\/apelyon.esb.sk\/index.php\/wp-json\/wp\/v2\/pages\/1004\/revisions\/1556"}],"wp:attachment":[{"href":"https:\/\/apelyon.esb.sk\/index.php\/wp-json\/wp\/v2\/media?parent=1004"}],"curies":[{"name":"wp","href":"https:\/\/api.w.org\/{rel}","templated":true}]}}